{"id":54,"date":"2026-02-25T15:32:47","date_gmt":"2026-02-25T18:32:47","guid":{"rendered":"https:\/\/congresonacionaldetrigo.agro.uba.ar\/?page_id=54"},"modified":"2026-03-30T10:29:27","modified_gmt":"2026-03-30T13:29:27","slug":"ubicacion","status":"publish","type":"page","link":"https:\/\/congresonacionaldetrigo.agro.uba.ar\/?page_id=54","title":{"rendered":"UBICACI\u00d3N"},"content":{"rendered":"\t\t<div data-elementor-type=\"wp-page\" data-elementor-id=\"54\" class=\"elementor elementor-54\">\n\t\t\t\t<div class=\"elementor-element elementor-element-b34c327 e-flex e-con-boxed e-con e-parent\" data-id=\"b34c327\" data-element_type=\"container\">\n\t\t\t\t\t<div class=\"e-con-inner\">\n\t\t\t\t<div class=\"elementor-element elementor-element-d269416 elementor-widget elementor-widget-text-editor\" data-id=\"d269416\" data-element_type=\"widget\" data-widget_type=\"text-editor.default\">\n\t\t\t\t\t\t\t\t\t<p>El <strong>X Congreso Nacional de Trigo &#8220;Rendimiento, Calidad &amp; Sustentabilidad<\/strong>&#8220;, <strong>VIII Simposio de Cereales de Siembre Oto\u00f1o-Invernal<\/strong> y <strong>IV Encuentro del Mercosur<\/strong>, se llevar\u00e1 a cabo en la <strong>Bolsa de Comercio de Rosario<\/strong> (BCR). Se encuentra ubicada en el centro de la ciudad de Rosario, provincia de Santa Fe, a 280 km de la ciudad de Buenos Aires.<br \/>Las sesiones plenarias se realizar\u00e1n en el sal\u00f3n auditorio con capacidad para 300 personas, los d\u00edas <strong>21 y 22 de octubre de 2026, de 9 a 17 hs.<\/strong><\/p><p><span style=\"text-decoration: underline;\">Bolsa de Comercio de Rosario<\/span>: Paraguay 777, Rosario, Santa Fe, Argentina. Edificio Torre.<\/p>\t\t\t\t\t\t\t\t<\/div>\n\t\t\t\t\t<\/div>\n\t\t\t\t<\/div>\n\t\t<div class=\"elementor-element elementor-element-ca5ca9a e-flex e-con-boxed e-con e-parent\" data-id=\"ca5ca9a\" data-element_type=\"container\">\n\t\t\t\t\t<div class=\"e-con-inner\">\n\t\t\t\t<div class=\"elementor-element elementor-element-592e822 elementor-widget elementor-widget-image\" data-id=\"592e822\" data-element_type=\"widget\" data-widget_type=\"image.default\">\n\t\t\t\t\t\t\t\t\t\t\t\t\t\t\t<img fetchpriority=\"high\" decoding=\"async\" width=\"700\" height=\"491\" src=\"https:\/\/congresonacionaldetrigo.agro.uba.ar\/wp-content\/uploads\/2026\/01\/WhatsApp-Image-2023-11-03-at-10.31.38.jpeg\" class=\"attachment-large size-large wp-image-60\" alt=\"\" srcset=\"https:\/\/congresonacionaldetrigo.agro.uba.ar\/wp-content\/uploads\/2026\/01\/WhatsApp-Image-2023-11-03-at-10.31.38.jpeg 700w, https:\/\/congresonacionaldetrigo.agro.uba.ar\/wp-content\/uploads\/2026\/01\/WhatsApp-Image-2023-11-03-at-10.31.38-300x210.jpeg 300w\" sizes=\"(max-width: 700px) 100vw, 700px\" \/>\t\t\t\t\t\t\t\t\t\t\t\t\t\t\t<\/div>\n\t\t\t\t\t<\/div>\n\t\t\t\t<\/div>\n\t\t<div class=\"elementor-element elementor-element-c6ea612 e-flex e-con-boxed e-con e-parent\" data-id=\"c6ea612\" data-element_type=\"container\">\n\t\t\t\t\t<div class=\"e-con-inner\">\n\t\t\t\t<div class=\"elementor-element elementor-element-10d6a93 elementor-widget elementor-widget-image\" data-id=\"10d6a93\" data-element_type=\"widget\" data-widget_type=\"image.default\">\n\t\t\t\t\t\t\t\t\t\t\t\t\t\t\t<img decoding=\"async\" width=\"1024\" height=\"681\" src=\"https:\/\/congresonacionaldetrigo.agro.uba.ar\/wp-content\/uploads\/2026\/01\/WhatsApp-Image-2023-11-03-at-10.32.20-1024x681.jpeg\" class=\"attachment-large size-large wp-image-61\" alt=\"\" srcset=\"https:\/\/congresonacionaldetrigo.agro.uba.ar\/wp-content\/uploads\/2026\/01\/WhatsApp-Image-2023-11-03-at-10.32.20-1024x681.jpeg 1024w, https:\/\/congresonacionaldetrigo.agro.uba.ar\/wp-content\/uploads\/2026\/01\/WhatsApp-Image-2023-11-03-at-10.32.20-300x199.jpeg 300w, https:\/\/congresonacionaldetrigo.agro.uba.ar\/wp-content\/uploads\/2026\/01\/WhatsApp-Image-2023-11-03-at-10.32.20-768x511.jpeg 768w, https:\/\/congresonacionaldetrigo.agro.uba.ar\/wp-content\/uploads\/2026\/01\/WhatsApp-Image-2023-11-03-at-10.32.20.jpeg 1280w\" sizes=\"(max-width: 1024px) 100vw, 1024px\" \/>\t\t\t\t\t\t\t\t\t\t\t\t\t\t\t<\/div>\n\t\t\t\t\t<\/div>\n\t\t\t\t<\/div>\n\t\t<div class=\"elementor-element elementor-element-63e0300 e-flex e-con-boxed e-con e-parent\" data-id=\"63e0300\" data-element_type=\"container\">\n\t\t\t\t\t<div class=\"e-con-inner\">\n\t\t\t\t<div class=\"elementor-element elementor-element-696591b elementor-widget elementor-widget-google_maps\" data-id=\"696591b\" data-element_type=\"widget\" data-widget_type=\"google_maps.default\">\n\t\t\t\t\t\t\t<div class=\"elementor-custom-embed\">\n\t\t\t<iframe loading=\"lazy\"\n\t\t\t\t\tsrc=\"https:\/\/maps.google.com\/maps?q=Paraguay%20777%2C%20S2000%20Rosario%2C%20Santa%20Fe%2C%20Argentina&#038;t=m&#038;z=10&#038;output=embed&#038;iwloc=near\"\n\t\t\t\t\ttitle=\"Paraguay 777, S2000 Rosario, Santa Fe, Argentina\"\n\t\t\t\t\taria-label=\"Paraguay 777, S2000 Rosario, Santa Fe, Argentina\"\n\t\t\t><\/iframe>\n\t\t<\/div>\n\t\t\t\t\t\t<\/div>\n\t\t\t\t\t<\/div>\n\t\t\t\t<\/div>\n\t\t<div class=\"elementor-element elementor-element-eacf921 e-flex e-con-boxed e-con e-parent\" data-id=\"eacf921\" data-element_type=\"container\">\n\t\t\t\t\t<div class=\"e-con-inner\">\n\t\t\t\t<div class=\"elementor-element elementor-element-0056fcf elementor-widget elementor-widget-heading\" data-id=\"0056fcf\" data-element_type=\"widget\" data-widget_type=\"heading.default\">\n\t\t\t\t\t<h2 class=\"elementor-heading-title elementor-size-default\">D\u00eda de campo<\/h2>\t\t\t\t<\/div>\n\t\t\t\t\t<\/div>\n\t\t\t\t<\/div>\n\t\t<div class=\"elementor-element elementor-element-8bb69cc e-flex e-con-boxed e-con e-parent\" data-id=\"8bb69cc\" data-element_type=\"container\">\n\t\t\t\t\t<div class=\"e-con-inner\">\n\t\t\t\t<div class=\"elementor-element elementor-element-a8a72e4 elementor-widget elementor-widget-text-editor\" data-id=\"a8a72e4\" data-element_type=\"widget\" data-widget_type=\"text-editor.default\">\n\t\t\t\t\t\t\t\t\t<p>Para finalizar, el d\u00eda <strong>23 de octubre<\/strong>, se realizar\u00e1 el d\u00eda a campo (<em><strong>field day<\/strong><\/em>) en la <strong>Facultad de Ciencias Agrarias de la Universidad Nacional de Rosario<\/strong>, donde se mostrar\u00e1n los nuevos materiales liberados al mercado y diferentes planteos del manejo del cultivo.<\/p>\t\t\t\t\t\t\t\t<\/div>\n\t\t\t\t\t<\/div>\n\t\t\t\t<\/div>\n\t\t<div class=\"elementor-element elementor-element-99e3869 e-flex e-con-boxed e-con e-parent\" data-id=\"99e3869\" data-element_type=\"container\">\n\t\t\t\t\t<div class=\"e-con-inner\">\n\t\t\t\t<div class=\"elementor-element elementor-element-4c2cc25 elementor-widget elementor-widget-image\" data-id=\"4c2cc25\" data-element_type=\"widget\" data-widget_type=\"image.default\">\n\t\t\t\t\t\t\t\t\t\t\t\t\t\t\t<img decoding=\"async\" width=\"1024\" height=\"432\" src=\"https:\/\/congresonacionaldetrigo.agro.uba.ar\/wp-content\/uploads\/2026\/01\/Captura-de-pantalla-2026-01-16-120226-1024x432.jpg\" class=\"attachment-large size-large wp-image-59\" alt=\"\" srcset=\"https:\/\/congresonacionaldetrigo.agro.uba.ar\/wp-content\/uploads\/2026\/01\/Captura-de-pantalla-2026-01-16-120226-1024x432.jpg 1024w, https:\/\/congresonacionaldetrigo.agro.uba.ar\/wp-content\/uploads\/2026\/01\/Captura-de-pantalla-2026-01-16-120226-300x127.jpg 300w, https:\/\/congresonacionaldetrigo.agro.uba.ar\/wp-content\/uploads\/2026\/01\/Captura-de-pantalla-2026-01-16-120226-768x324.jpg 768w, https:\/\/congresonacionaldetrigo.agro.uba.ar\/wp-content\/uploads\/2026\/01\/Captura-de-pantalla-2026-01-16-120226.jpg 1076w\" sizes=\"(max-width: 1024px) 100vw, 1024px\" \/>\t\t\t\t\t\t\t\t\t\t\t\t\t\t\t<\/div>\n\t\t\t\t\t<\/div>\n\t\t\t\t<\/div>\n\t\t<div class=\"elementor-element elementor-element-3929492 e-flex e-con-boxed e-con e-parent\" data-id=\"3929492\" data-element_type=\"container\">\n\t\t\t\t\t<div class=\"e-con-inner\">\n\t\t\t\t<div class=\"elementor-element elementor-element-0883960 elementor-widget elementor-widget-google_maps\" data-id=\"0883960\" data-element_type=\"widget\" data-widget_type=\"google_maps.default\">\n\t\t\t\t\t\t\t<div class=\"elementor-custom-embed\">\n\t\t\t<iframe loading=\"lazy\"\n\t\t\t\t\tsrc=\"https:\/\/maps.google.com\/maps?q=Parque%20Villarino%2C%20CC%20N%C2%BA%2014%2C%20S2125ZAA%2C%20Blvd.%20Villarino%2C%20Zavalla%2C%20Santa%20Fe%2C%20Argentina&#038;t=m&#038;z=10&#038;output=embed&#038;iwloc=near\"\n\t\t\t\t\ttitle=\"Parque Villarino, CC N\u00ba 14, S2125ZAA, Blvd. Villarino, Zavalla, Santa Fe, Argentina\"\n\t\t\t\t\taria-label=\"Parque Villarino, CC N\u00ba 14, S2125ZAA, Blvd. Villarino, Zavalla, Santa Fe, Argentina\"\n\t\t\t><\/iframe>\n\t\t<\/div>\n\t\t\t\t\t\t<\/div>\n\t\t\t\t\t<\/div>\n\t\t\t\t<\/div>\n\t\t\t\t<\/div>\n\t\t","protected":false},"excerpt":{"rendered":"<p>El X Congreso Nacional de Trigo &#8220;Rendimiento, Calidad &amp; Sustentabilidad&#8220;, VIII Simposio de Cereales de Siembre Oto\u00f1o-Invernal y IV Encuentro del Mercosur, se llevar\u00e1 a cabo en la Bolsa de Comercio de Rosario (BCR). Se encuentra ubicada en el centro de la ciudad de Rosario, provincia de Santa Fe, a 280 km de la ciudad [&hellip;]<\/p>\n","protected":false},"author":2,"featured_media":0,"parent":0,"menu_order":1,"comment_status":"closed","ping_status":"closed","template":"","meta":{"footnotes":""},"class_list":["post-54","page","type-page","status-publish","hentry"],"_links":{"self":[{"href":"https:\/\/congresonacionaldetrigo.agro.uba.ar\/index.php?rest_route=\/wp\/v2\/pages\/54","targetHints":{"allow":["GET"]}}],"collection":[{"href":"https:\/\/congresonacionaldetrigo.agro.uba.ar\/index.php?rest_route=\/wp\/v2\/pages"}],"about":[{"href":"https:\/\/congresonacionaldetrigo.agro.uba.ar\/index.php?rest_route=\/wp\/v2\/types\/page"}],"author":[{"embeddable":true,"href":"https:\/\/congresonacionaldetrigo.agro.uba.ar\/index.php?rest_route=\/wp\/v2\/users\/2"}],"replies":[{"embeddable":true,"href":"https:\/\/congresonacionaldetrigo.agro.uba.ar\/index.php?rest_route=%2Fwp%2Fv2%2Fcomments&post=54"}],"version-history":[{"count":18,"href":"https:\/\/congresonacionaldetrigo.agro.uba.ar\/index.php?rest_route=\/wp\/v2\/pages\/54\/revisions"}],"predecessor-version":[{"id":140,"href":"https:\/\/congresonacionaldetrigo.agro.uba.ar\/index.php?rest_route=\/wp\/v2\/pages\/54\/revisions\/140"}],"wp:attachment":[{"href":"https:\/\/congresonacionaldetrigo.agro.uba.ar\/index.php?rest_route=%2Fwp%2Fv2%2Fmedia&parent=54"}],"curies":[{"name":"wp","href":"https:\/\/api.w.org\/{rel}","templated":true}]}}